{"id":73026,"date":"2023-09-14T12:06:32","date_gmt":"2023-09-14T10:06:32","guid":{"rendered":"https:\/\/www.faresin.com\/full-electric\/faq-foire-aux-questions\/"},"modified":"2023-10-30T11:55:24","modified_gmt":"2023-10-30T10:55:24","slug":"faq-foire-aux-questions","status":"publish","type":"page","link":"https:\/\/www.faresin.com\/fr\/full-electric\/faq-foire-aux-questions\/","title":{"rendered":"FAQ Foire aux questions"},"content":{"rendered":"\t\t<div data-elementor-type=\"wp-page\" data-elementor-id=\"73026\" class=\"elementor elementor-73026 elementor-71304\" data-elementor-post-type=\"page\">\n\t\t\t\t\t\t<section class=\"elementor-section elementor-top-section elementor-element elementor-element-deb6156 elementor-section-height-min-height elementor-section-items-stretch elementor-section-full_width elementor-section-height-default\" data-id=\"deb6156\" data-element_type=\"section\" data-e-type=\"section\">\n\t\t\t\t\t\t<div class=\"elementor-container elementor-column-gap-default\">\n\t\t\t\t\t<div class=\"elementor-column elementor-col-50 elementor-top-column elementor-element elementor-element-1ed30a0\" data-id=\"1ed30a0\" data-element_type=\"column\" data-e-type=\"column\" data-settings=\"{&quot;background_background&quot;:&quot;classic&quot;}\">\n\t\t\t<div class=\"elementor-widget-wrap elementor-element-populated\">\n\t\t\t\t\t\t<div data-dce-title-color=\"#000000\" class=\"elementor-element elementor-element-9a2af6b elementor-widget elementor-widget-heading\" data-id=\"9a2af6b\" data-element_type=\"widget\" data-e-type=\"widget\" data-widget_type=\"heading.default\">\n\t\t\t\t<div class=\"elementor-widget-container\">\n\t\t\t\t\t<h1 class=\"elementor-heading-title elementor-size-medium\">FAQ<\/h1>\t\t\t\t<\/div>\n\t\t\t\t<\/div>\n\t\t\t\t<div data-dce-title-color=\"#282C2C\" class=\"elementor-element elementor-element-5b60a7b elementor-widget elementor-widget-heading\" data-id=\"5b60a7b\" data-element_type=\"widget\" data-e-type=\"widget\" data-widget_type=\"heading.default\">\n\t\t\t\t<div class=\"elementor-widget-container\">\n\t\t\t\t\t<h1 class=\"elementor-heading-title elementor-size-xl\">Questions et r\u00e9ponses\n<\/h1>\t\t\t\t<\/div>\n\t\t\t\t<\/div>\n\t\t\t\t<div class=\"elementor-element elementor-element-37565be elementor-widget elementor-widget-text-editor\" data-id=\"37565be\" data-element_type=\"widget\" data-e-type=\"widget\" data-widget_type=\"text-editor.default\">\n\t\t\t\t<div class=\"elementor-widget-container\">\n\t\t\t\t\t\t\t\t\t<p>Nous avons rassembl\u00e9 les r\u00e9ponses aux questions fr\u00e9quemment pos\u00e9es sur la gamme FULL ELECTRIC.<\/p>\n\t\t\t\t\t\t\t\t<\/div>\n\t\t\t\t<\/div>\n\t\t\t\t\t<\/div>\n\t\t<\/div>\n\t\t\t\t<div class=\"elementor-column elementor-col-50 elementor-top-column elementor-element elementor-element-c1e7a35\" data-id=\"c1e7a35\" data-element_type=\"column\" data-e-type=\"column\" data-settings=\"{&quot;background_background&quot;:&quot;classic&quot;}\">\n\t\t\t<div class=\"elementor-widget-wrap elementor-element-populated\">\n\t\t\t\t\t\t<div class=\"elementor-element elementor-element-6dfc433 elementor-widget elementor-widget-image\" data-id=\"6dfc433\" data-element_type=\"widget\" data-e-type=\"widget\" data-widget_type=\"image.default\">\n\t\t\t\t<div class=\"elementor-widget-container\">\n\t\t\t\t\t\t\t\t\t\t\t\t\t\t\t<img decoding=\"async\" width=\"1200\" height=\"800\" src=\"https:\/\/www.faresin.com\/wp-content\/uploads\/Electric-Range.jpg\" class=\"elementor-animation-float attachment-full size-full wp-image-62971\" alt=\"\" srcset=\"https:\/\/www.faresin.com\/wp-content\/uploads\/Electric-Range.jpg 1200w, https:\/\/www.faresin.com\/wp-content\/uploads\/Electric-Range-300x200.jpg 300w, https:\/\/www.faresin.com\/wp-content\/uploads\/Electric-Range-1024x683.jpg 1024w, https:\/\/www.faresin.com\/wp-content\/uploads\/Electric-Range-768x512.jpg 768w\" sizes=\"(max-width: 1200px) 100vw, 1200px\">\t\t\t\t\t\t\t\t\t\t\t\t\t\t\t<\/div>\n\t\t\t\t<\/div>\n\t\t\t\t\t<\/div>\n\t\t<\/div>\n\t\t\t\t\t<\/div>\n\t\t<\/section>\n\t\t\t\t<section class=\"elementor-section elementor-top-section elementor-element elementor-element-ea81a3d elementor-section-boxed elementor-section-height-default elementor-section-height-default\" data-id=\"ea81a3d\" data-element_type=\"section\" data-e-type=\"section\">\n\t\t\t\t\t\t<div class=\"elementor-container elementor-column-gap-wider\">\n\t\t\t\t\t<div class=\"elementor-column elementor-col-100 elementor-top-column elementor-element elementor-element-047bbfa\" data-id=\"047bbfa\" data-element_type=\"column\" data-e-type=\"column\">\n\t\t\t<div class=\"elementor-widget-wrap elementor-element-populated\">\n\t\t\t\t\t\t<div class=\"elementor-element elementor-element-1a05755 elementor-widget elementor-widget-toggle\" data-id=\"1a05755\" data-element_type=\"widget\" data-e-type=\"widget\" data-widget_type=\"toggle.default\">\n\t\t\t\t<div class=\"elementor-widget-container\">\n\t\t\t\t\t\t\t<div class=\"elementor-toggle\">\n\t\t\t\t\t\t\t<div class=\"elementor-toggle-item\">\n\t\t\t\t\t<div id=\"elementor-tab-title-2721\" class=\"elementor-tab-title\" data-tab=\"1\" role=\"button\" aria-controls=\"elementor-tab-content-2721\" aria-expanded=\"false\">\n\t\t\t\t\t\t\t\t\t\t\t\t<span class=\"elementor-toggle-icon elementor-toggle-icon-left\" aria-hidden=\"true\">\n\t\t\t\t\t\t\t\t\t\t\t\t\t\t\t<span class=\"elementor-toggle-icon-closed\"><i class=\"fas fa-caret-right\"><\/i><\/span>\n\t\t\t\t\t\t\t\t<span class=\"elementor-toggle-icon-opened\"><i class=\"elementor-toggle-icon-opened fas fa-caret-up\"><\/i><\/span>\n\t\t\t\t\t\t\t\t\t\t\t\t\t<\/span>\n\t\t\t\t\t\t\t\t\t\t\t\t<a class=\"elementor-toggle-title\" tabindex=\"0\">Le t\u00e9lescope est-il enti\u00e8rement \u00e9lectrique ?<\/a>\n\t\t\t\t\t<\/div>\n\n\t\t\t\t\t<div id=\"elementor-tab-content-2721\" class=\"elementor-tab-content elementor-clearfix\" data-tab=\"1\" role=\"region\" aria-labelledby=\"elementor-tab-title-2721\"><p>Les machines FULL ELECTRIC sont 100% \u00e9lectriques et sont \u00e9quip\u00e9es de deux moteurs \u00e9lectriques : un pour la traction et un pour les mouvements des bras.<\/p>\n<ul>\n<li>6.26 FE : La machine est enti\u00e8rement \u00e9lectrique et peut \u00eatre \u00e9quip\u00e9e d&rsquo;une batterie de 315, 420 ou 560 Ah pour alimenter deux moteurs \u00e9lectriques, l&rsquo;un pour la transmission d&rsquo;une puissance nominale de 20 kW et l&rsquo;autre pour les services hydrauliques d&rsquo;une puissance de 10 kW.<\/li>\n<li>Big Range FE : La machine est enti\u00e8rement \u00e9lectrique et dispose d&rsquo;un bloc-batterie de 105 Ah qui alimente deux moteurs \u00e9lectriques, l&rsquo;un pour la transmission d&rsquo;une puissance nominale de 51 kW et l&rsquo;autre pour les services hydrauliques d&rsquo;une puissance de 22 kW.<\/li>\n<\/ul>\n<\/div>\n\t\t\t\t<\/div>\n\t\t\t\t\t\t\t<div class=\"elementor-toggle-item\">\n\t\t\t\t\t<div id=\"elementor-tab-title-2722\" class=\"elementor-tab-title\" data-tab=\"2\" role=\"button\" aria-controls=\"elementor-tab-content-2722\" aria-expanded=\"false\">\n\t\t\t\t\t\t\t\t\t\t\t\t<span class=\"elementor-toggle-icon elementor-toggle-icon-left\" aria-hidden=\"true\">\n\t\t\t\t\t\t\t\t\t\t\t\t\t\t\t<span class=\"elementor-toggle-icon-closed\"><i class=\"fas fa-caret-right\"><\/i><\/span>\n\t\t\t\t\t\t\t\t<span class=\"elementor-toggle-icon-opened\"><i class=\"elementor-toggle-icon-opened fas fa-caret-up\"><\/i><\/span>\n\t\t\t\t\t\t\t\t\t\t\t\t\t<\/span>\n\t\t\t\t\t\t\t\t\t\t\t\t<a class=\"elementor-toggle-title\" tabindex=\"0\">Quelle est l'autonomie du t\u00e9lescopique \u00e9lectrique ?<\/a>\n\t\t\t\t\t<\/div>\n\n\t\t\t\t\t<div id=\"elementor-tab-content-2722\" class=\"elementor-tab-content elementor-clearfix\" data-tab=\"2\" role=\"region\" aria-labelledby=\"elementor-tab-title-2722\"><p>En fonction de la capacit\u00e9 de la batterie, l&rsquo;autonomie en cycle intensif continu peut varier de trois \u00e0 six heures, tandis que celle en cycle standard peut varier de six \u00e0 onze heures.  <br \/>De nombreux facteurs peuvent influencer l&rsquo;autonomie, notamment : la charge initiale de la batterie, l&rsquo;environnement, les conditions m\u00e9t\u00e9orologiques, le poids, les accessoires, le frottement, le style de conduite, la charge, les caract\u00e9ristiques de l&rsquo;itin\u00e9raire et l&rsquo;utilisation d&rsquo;\u00e9quipements tels que la climatisation. Par cons\u00e9quent, les chiffres officiels sur l&rsquo;autonomie peuvent varier davantage et diff\u00e9rer des donn\u00e9es indiqu\u00e9es dans les fiches techniques.<\/p>\n<ul>\n<li>6.26 L&rsquo;autonomie en cycle intensif continu en mode Eco peut atteindre 3 heures avec une batterie de 315 Ah, 4 heures avec une batterie de 420 Ah et environ 6 heures avec une batterie de 560 Ah.<\/li>\n<li>Big Range : L&rsquo;autonomie en cyclisme intensif continu en mode Eco peut atteindre 4h avec une batterie de 105 Ah.<\/li>\n<\/ul>\n<\/div>\n\t\t\t\t<\/div>\n\t\t\t\t\t\t\t<div class=\"elementor-toggle-item\">\n\t\t\t\t\t<div id=\"elementor-tab-title-2723\" class=\"elementor-tab-title\" data-tab=\"3\" role=\"button\" aria-controls=\"elementor-tab-content-2723\" aria-expanded=\"false\">\n\t\t\t\t\t\t\t\t\t\t\t\t<span class=\"elementor-toggle-icon elementor-toggle-icon-left\" aria-hidden=\"true\">\n\t\t\t\t\t\t\t\t\t\t\t\t\t\t\t<span class=\"elementor-toggle-icon-closed\"><i class=\"fas fa-caret-right\"><\/i><\/span>\n\t\t\t\t\t\t\t\t<span class=\"elementor-toggle-icon-opened\"><i class=\"elementor-toggle-icon-opened fas fa-caret-up\"><\/i><\/span>\n\t\t\t\t\t\t\t\t\t\t\t\t\t<\/span>\n\t\t\t\t\t\t\t\t\t\t\t\t<a class=\"elementor-toggle-title\" tabindex=\"0\">Est-il possible d'augmenter l'autonomie par une mise \u00e0 jour du logiciel ?<\/a>\n\t\t\t\t\t<\/div>\n\n\t\t\t\t\t<div id=\"elementor-tab-content-2723\" class=\"elementor-tab-content elementor-clearfix\" data-tab=\"3\" role=\"region\" aria-labelledby=\"elementor-tab-title-2723\"><p>La machine est d\u00e9j\u00e0 optimis\u00e9e pour minimiser la consommation, certains ajustements peuvent \u00eatre faits dans la fa\u00e7on dont la machine est utilis\u00e9e, ce qui peut limiter l&rsquo;utilisation de la batterie.<\/p>\n<\/div>\n\t\t\t\t<\/div>\n\t\t\t\t\t\t\t<div class=\"elementor-toggle-item\">\n\t\t\t\t\t<div id=\"elementor-tab-title-2724\" class=\"elementor-tab-title\" data-tab=\"4\" role=\"button\" aria-controls=\"elementor-tab-content-2724\" aria-expanded=\"false\">\n\t\t\t\t\t\t\t\t\t\t\t\t<span class=\"elementor-toggle-icon elementor-toggle-icon-left\" aria-hidden=\"true\">\n\t\t\t\t\t\t\t\t\t\t\t\t\t\t\t<span class=\"elementor-toggle-icon-closed\"><i class=\"fas fa-caret-right\"><\/i><\/span>\n\t\t\t\t\t\t\t\t<span class=\"elementor-toggle-icon-opened\"><i class=\"elementor-toggle-icon-opened fas fa-caret-up\"><\/i><\/span>\n\t\t\t\t\t\t\t\t\t\t\t\t\t<\/span>\n\t\t\t\t\t\t\t\t\t\t\t\t<a class=\"elementor-toggle-title\" tabindex=\"0\">Si la machine est arr\u00eat\u00e9e ou immobilis\u00e9e pendant une longue p\u00e9riode, la port\u00e9e de levage diminue-t-elle ?<\/a>\n\t\t\t\t\t<\/div>\n\n\t\t\t\t\t<div id=\"elementor-tab-content-2724\" class=\"elementor-tab-content elementor-clearfix\" data-tab=\"4\" role=\"region\" aria-labelledby=\"elementor-tab-title-2724\"><p>Lorsque la machine n&rsquo;est pas utilis\u00e9e, la demande d&rsquo;\u00e9nergie est suspendue. S&rsquo;il n&rsquo;est pas utilis\u00e9 pendant plus de 10 minutes, l&rsquo;appareil de manutention t\u00e9lescopique s&rsquo;\u00e9teint de lui-m\u00eame. Il est conseill\u00e9 de laisser le v\u00e9hicule charg\u00e9 pendant les longues p\u00e9riodes de stationnement, \u00e0 l&rsquo;aide du chargeur standard (non Fast).<\/p>\n<\/div>\n\t\t\t\t<\/div>\n\t\t\t\t\t\t\t<div class=\"elementor-toggle-item\">\n\t\t\t\t\t<div id=\"elementor-tab-title-2725\" class=\"elementor-tab-title\" data-tab=\"5\" role=\"button\" aria-controls=\"elementor-tab-content-2725\" aria-expanded=\"false\">\n\t\t\t\t\t\t\t\t\t\t\t\t<span class=\"elementor-toggle-icon elementor-toggle-icon-left\" aria-hidden=\"true\">\n\t\t\t\t\t\t\t\t\t\t\t\t\t\t\t<span class=\"elementor-toggle-icon-closed\"><i class=\"fas fa-caret-right\"><\/i><\/span>\n\t\t\t\t\t\t\t\t<span class=\"elementor-toggle-icon-opened\"><i class=\"elementor-toggle-icon-opened fas fa-caret-up\"><\/i><\/span>\n\t\t\t\t\t\t\t\t\t\t\t\t\t<\/span>\n\t\t\t\t\t\t\t\t\t\t\t\t<a class=\"elementor-toggle-title\" tabindex=\"0\">Comment fonctionne le freinage r\u00e9g\u00e9n\u00e9ratif et quel niveau de r\u00e9cup\u00e9ration puis-je esp\u00e9rer obtenir ?<\/a>\n\t\t\t\t\t<\/div>\n\n\t\t\t\t\t<div id=\"elementor-tab-content-2725\" class=\"elementor-tab-content elementor-clearfix\" data-tab=\"5\" role=\"region\" aria-labelledby=\"elementor-tab-title-2725\"><p>La r\u00e9cup\u00e9ration d&rsquo;\u00e9nergie se produit lors du freinage et du rel\u00e2chement de l&rsquo;acc\u00e9l\u00e9rateur et est activ\u00e9e automatiquement. Les moteurs \u00e9lectriques agissent comme un g\u00e9n\u00e9rateur en convertissant une grande partie de l&rsquo;\u00e9nergie cin\u00e9tique de la voiture en \u00e9nergie \u00e9lectrique, qui est stock\u00e9e dans la batterie, augmentant ainsi son autonomie. Ainsi, que vous freiniez ou que vous leviez simplement la p\u00e9dale d&rsquo;acc\u00e9l\u00e9rateur, la batterie peut \u00eatre partiellement recharg\u00e9e avec cette \u00e9nergie qui serait autrement perdue. L&rsquo;\u00e9nergie r\u00e9g\u00e9n\u00e9r\u00e9e devient significative lors de longues descentes.<\/p>\n<\/div>\n\t\t\t\t<\/div>\n\t\t\t\t\t\t\t<div class=\"elementor-toggle-item\">\n\t\t\t\t\t<div id=\"elementor-tab-title-2726\" class=\"elementor-tab-title\" data-tab=\"6\" role=\"button\" aria-controls=\"elementor-tab-content-2726\" aria-expanded=\"false\">\n\t\t\t\t\t\t\t\t\t\t\t\t<span class=\"elementor-toggle-icon elementor-toggle-icon-left\" aria-hidden=\"true\">\n\t\t\t\t\t\t\t\t\t\t\t\t\t\t\t<span class=\"elementor-toggle-icon-closed\"><i class=\"fas fa-caret-right\"><\/i><\/span>\n\t\t\t\t\t\t\t\t<span class=\"elementor-toggle-icon-opened\"><i class=\"elementor-toggle-icon-opened fas fa-caret-up\"><\/i><\/span>\n\t\t\t\t\t\t\t\t\t\t\t\t\t<\/span>\n\t\t\t\t\t\t\t\t\t\t\t\t<a class=\"elementor-toggle-title\" tabindex=\"0\">Quelle est la consommation d'\u00e9nergie de la FULL ELECTRIC ?<\/a>\n\t\t\t\t\t<\/div>\n\n\t\t\t\t\t<div id=\"elementor-tab-content-2726\" class=\"elementor-tab-content elementor-clearfix\" data-tab=\"6\" role=\"region\" aria-labelledby=\"elementor-tab-title-2726\"><p>Le t\u00e9lescopique FULL ELECTRIC 6.26 avec un cycle standard consomme en moyenne 6,4 kWh d&rsquo;\u00e9nergie ; le m\u00eame mod\u00e8le \u00e9quip\u00e9 d&rsquo;un moteur diesel consomme 3,5l\/h de carburant, ce qui correspond \u00e0 environ 15 kWh d&rsquo;\u00e9nergie, avec le m\u00eame cycle d&rsquo;utilisation.<br \/>En termes d&rsquo;\u00e9nergie, le mod\u00e8le FULL ELECTRIC est donc beaucoup plus efficace.<\/p>\n<\/div>\n\t\t\t\t<\/div>\n\t\t\t\t\t\t\t<div class=\"elementor-toggle-item\">\n\t\t\t\t\t<div id=\"elementor-tab-title-2727\" class=\"elementor-tab-title\" data-tab=\"7\" role=\"button\" aria-controls=\"elementor-tab-content-2727\" aria-expanded=\"false\">\n\t\t\t\t\t\t\t\t\t\t\t\t<span class=\"elementor-toggle-icon elementor-toggle-icon-left\" aria-hidden=\"true\">\n\t\t\t\t\t\t\t\t\t\t\t\t\t\t\t<span class=\"elementor-toggle-icon-closed\"><i class=\"fas fa-caret-right\"><\/i><\/span>\n\t\t\t\t\t\t\t\t<span class=\"elementor-toggle-icon-opened\"><i class=\"elementor-toggle-icon-opened fas fa-caret-up\"><\/i><\/span>\n\t\t\t\t\t\t\t\t\t\t\t\t\t<\/span>\n\t\t\t\t\t\t\t\t\t\t\t\t<a class=\"elementor-toggle-title\" tabindex=\"0\">Quelles sont les diff\u00e9rences entre les mod\u00e8les diesel et \u00e9lectriques ?<\/a>\n\t\t\t\t\t<\/div>\n\n\t\t\t\t\t<div id=\"elementor-tab-content-2727\" class=\"elementor-tab-content elementor-clearfix\" data-tab=\"7\" role=\"region\" aria-labelledby=\"elementor-tab-title-2727\"><p>Le moteur endothermique a \u00e9t\u00e9 remplac\u00e9 par deux moteurs \u00e9lectriques, l&rsquo;un pour la traction et l&rsquo;autre pour les services, aliment\u00e9s par une batterie lithium-ion situ\u00e9e dans le compartiment moteur.<\/p>\n<ul>\n<li>Pour le mod\u00e8le 6.26 FULL ELECTRIC, les diff\u00e9rences avec le mod\u00e8le diesel sont les suivantes :<br \/>Le moteur endothermique a \u00e9t\u00e9 remplac\u00e9 par deux moteurs \u00e9lectriques, l&rsquo;un pour la traction et l&rsquo;autre pour les services, aliment\u00e9s par une batterie lithium-ion de 80 V situ\u00e9e dans le compartiment moteur.<br \/>Le moteur \u00e9lectrique de 20 kW pour la traction \u00e9tait mont\u00e9 sur l&rsquo;essieu avant.<br \/>Le moteur \u00e9lectrique qui entra\u00eene la pompe hydraulique de 10 kW est mont\u00e9 \u00e0 l&rsquo;arri\u00e8re.<\/li>\n<li>Pour le mod\u00e8le Big Range Electric Range, les diff\u00e9rences par rapport au mod\u00e8le diesel sont les suivantes :<br \/>Moteur endothermique remplac\u00e9 par une batterie lithium-ion.<br \/>Un moteur \u00e9lectrique \u00e9tait mont\u00e9 sur l&rsquo;essieu avant pour la traction (moteur d&rsquo;entra\u00eenement de 51 kW).<br \/>Un autre moteur \u00e9lectrique a \u00e9t\u00e9 install\u00e9 pour entra\u00eener la pompe hydraulique (moteur de service hydraulique 22 kW).<\/li>\n<\/ul>\n<\/div>\n\t\t\t\t<\/div>\n\t\t\t\t\t\t\t<div class=\"elementor-toggle-item\">\n\t\t\t\t\t<div id=\"elementor-tab-title-2728\" class=\"elementor-tab-title\" data-tab=\"8\" role=\"button\" aria-controls=\"elementor-tab-content-2728\" aria-expanded=\"false\">\n\t\t\t\t\t\t\t\t\t\t\t\t<span class=\"elementor-toggle-icon elementor-toggle-icon-left\" aria-hidden=\"true\">\n\t\t\t\t\t\t\t\t\t\t\t\t\t\t\t<span class=\"elementor-toggle-icon-closed\"><i class=\"fas fa-caret-right\"><\/i><\/span>\n\t\t\t\t\t\t\t\t<span class=\"elementor-toggle-icon-opened\"><i class=\"elementor-toggle-icon-opened fas fa-caret-up\"><\/i><\/span>\n\t\t\t\t\t\t\t\t\t\t\t\t\t<\/span>\n\t\t\t\t\t\t\t\t\t\t\t\t<a class=\"elementor-toggle-title\" tabindex=\"0\">Est-il possible de changer la batterie ?  <\/a>\n\t\t\t\t\t<\/div>\n\n\t\t\t\t\t<div id=\"elementor-tab-content-2728\" class=\"elementor-tab-content elementor-clearfix\" data-tab=\"8\" role=\"region\" aria-labelledby=\"elementor-tab-title-2728\"><p>La batterie est con\u00e7ue de telle sorte qu&rsquo;il est tr\u00e8s peu probable qu&rsquo;elle doive \u00eatre remplac\u00e9e. Si la batterie doit \u00eatre r\u00e9par\u00e9e, elle doit \u00eatre remplac\u00e9e par du personnel form\u00e9 et autoris\u00e9.<\/p>\n<\/div>\n\t\t\t\t<\/div>\n\t\t\t\t\t\t\t<div class=\"elementor-toggle-item\">\n\t\t\t\t\t<div id=\"elementor-tab-title-2729\" class=\"elementor-tab-title\" data-tab=\"9\" role=\"button\" aria-controls=\"elementor-tab-content-2729\" aria-expanded=\"false\">\n\t\t\t\t\t\t\t\t\t\t\t\t<span class=\"elementor-toggle-icon elementor-toggle-icon-left\" aria-hidden=\"true\">\n\t\t\t\t\t\t\t\t\t\t\t\t\t\t\t<span class=\"elementor-toggle-icon-closed\"><i class=\"fas fa-caret-right\"><\/i><\/span>\n\t\t\t\t\t\t\t\t<span class=\"elementor-toggle-icon-opened\"><i class=\"elementor-toggle-icon-opened fas fa-caret-up\"><\/i><\/span>\n\t\t\t\t\t\t\t\t\t\t\t\t\t<\/span>\n\t\t\t\t\t\t\t\t\t\t\t\t<a class=\"elementor-toggle-title\" tabindex=\"0\">Quand faut-il changer la batterie ?<\/a>\n\t\t\t\t\t<\/div>\n\n\t\t\t\t\t<div id=\"elementor-tab-content-2729\" class=\"elementor-tab-content elementor-clearfix\" data-tab=\"9\" role=\"region\" aria-labelledby=\"elementor-tab-title-2729\"><ul>\n<li>La dur\u00e9e de vie de la batterie d\u00e9pend de la mani\u00e8re dont elle est manipul\u00e9e et des conditions dans lesquelles elle est utilis\u00e9e.<\/li>\n<li>L&rsquo;op\u00e9rateur peut contribuer \u00e0 pr\u00e9server la dur\u00e9e de vie de la batterie en pr\u00e9f\u00e9rant la charge traditionnelle \u00e0 la charge rapide. Lors d&rsquo;une recharge rapide, charger la batterie \u00e0 80 % au lieu de 100 % peut contribuer \u00e0 pr\u00e9server sa dur\u00e9e de vie.<\/li>\n<\/ul>\n<\/div>\n\t\t\t\t<\/div>\n\t\t\t\t\t\t\t<div class=\"elementor-toggle-item\">\n\t\t\t\t\t<div id=\"elementor-tab-title-27210\" class=\"elementor-tab-title\" data-tab=\"10\" role=\"button\" aria-controls=\"elementor-tab-content-27210\" aria-expanded=\"false\">\n\t\t\t\t\t\t\t\t\t\t\t\t<span class=\"elementor-toggle-icon elementor-toggle-icon-left\" aria-hidden=\"true\">\n\t\t\t\t\t\t\t\t\t\t\t\t\t\t\t<span class=\"elementor-toggle-icon-closed\"><i class=\"fas fa-caret-right\"><\/i><\/span>\n\t\t\t\t\t\t\t\t<span class=\"elementor-toggle-icon-opened\"><i class=\"elementor-toggle-icon-opened fas fa-caret-up\"><\/i><\/span>\n\t\t\t\t\t\t\t\t\t\t\t\t\t<\/span>\n\t\t\t\t\t\t\t\t\t\t\t\t<a class=\"elementor-toggle-title\" tabindex=\"0\">A quelle temp\u00e9rature de travail est-il recommand\u00e9 d'utiliser la machine ?<\/a>\n\t\t\t\t\t<\/div>\n\n\t\t\t\t\t<div id=\"elementor-tab-content-27210\" class=\"elementor-tab-content elementor-clearfix\" data-tab=\"10\" role=\"region\" aria-labelledby=\"elementor-tab-title-27210\"><p>De -10\u00b0 \u00e0 +40\u00b0.<\/p>\n<\/div>\n\t\t\t\t<\/div>\n\t\t\t\t\t\t\t<div class=\"elementor-toggle-item\">\n\t\t\t\t\t<div id=\"elementor-tab-title-27211\" class=\"elementor-tab-title\" data-tab=\"11\" role=\"button\" aria-controls=\"elementor-tab-content-27211\" aria-expanded=\"false\">\n\t\t\t\t\t\t\t\t\t\t\t\t<span class=\"elementor-toggle-icon elementor-toggle-icon-left\" aria-hidden=\"true\">\n\t\t\t\t\t\t\t\t\t\t\t\t\t\t\t<span class=\"elementor-toggle-icon-closed\"><i class=\"fas fa-caret-right\"><\/i><\/span>\n\t\t\t\t\t\t\t\t<span class=\"elementor-toggle-icon-opened\"><i class=\"elementor-toggle-icon-opened fas fa-caret-up\"><\/i><\/span>\n\t\t\t\t\t\t\t\t\t\t\t\t\t<\/span>\n\t\t\t\t\t\t\t\t\t\t\t\t<a class=\"elementor-toggle-title\" tabindex=\"0\">\u00c0 quelle temp\u00e9rature est-il recommand\u00e9 de laisser l'appareil entrepos\u00e9 ?<\/a>\n\t\t\t\t\t<\/div>\n\n\t\t\t\t\t<div id=\"elementor-tab-content-27211\" class=\"elementor-tab-content elementor-clearfix\" data-tab=\"11\" role=\"region\" aria-labelledby=\"elementor-tab-title-27211\"><p>De 0\u00b0 \u00e0 +40\u00b0, laissez toujours la machine branch\u00e9e sur le secteur avec le chargeur standard, en v\u00e9rifiant son \u00e9tat au moins tous les deux mois.<\/p>\n<\/div>\n\t\t\t\t<\/div>\n\t\t\t\t\t\t\t<div class=\"elementor-toggle-item\">\n\t\t\t\t\t<div id=\"elementor-tab-title-27212\" class=\"elementor-tab-title\" data-tab=\"12\" role=\"button\" aria-controls=\"elementor-tab-content-27212\" aria-expanded=\"false\">\n\t\t\t\t\t\t\t\t\t\t\t\t<span class=\"elementor-toggle-icon elementor-toggle-icon-left\" aria-hidden=\"true\">\n\t\t\t\t\t\t\t\t\t\t\t\t\t\t\t<span class=\"elementor-toggle-icon-closed\"><i class=\"fas fa-caret-right\"><\/i><\/span>\n\t\t\t\t\t\t\t\t<span class=\"elementor-toggle-icon-opened\"><i class=\"elementor-toggle-icon-opened fas fa-caret-up\"><\/i><\/span>\n\t\t\t\t\t\t\t\t\t\t\t\t\t<\/span>\n\t\t\t\t\t\t\t\t\t\t\t\t<a class=\"elementor-toggle-title\" tabindex=\"0\">Est-il possible de recharger le t\u00e9lescope \u00e0 des stations de recharge publiques ?<\/a>\n\t\t\t\t\t<\/div>\n\n\t\t\t\t\t<div id=\"elementor-tab-content-27212\" class=\"elementor-tab-content elementor-clearfix\" data-tab=\"12\" role=\"region\" aria-labelledby=\"elementor-tab-title-27212\"><ul>\n<li>En ce qui concerne le FR00E, ce n&rsquo;est pas possible, ils ne sont pas compatibles en termes de tension et de connecteur.<\/li>\n<li>En ce qui concerne le FR04E, le v\u00e9hicule peut \u00eatre recharg\u00e9 \u00e0 des stations de recharge publiques.<\/li>\n<\/ul>\n<\/div>\n\t\t\t\t<\/div>\n\t\t\t\t\t\t\t<div class=\"elementor-toggle-item\">\n\t\t\t\t\t<div id=\"elementor-tab-title-27213\" class=\"elementor-tab-title\" data-tab=\"13\" role=\"button\" aria-controls=\"elementor-tab-content-27213\" aria-expanded=\"false\">\n\t\t\t\t\t\t\t\t\t\t\t\t<span class=\"elementor-toggle-icon elementor-toggle-icon-left\" aria-hidden=\"true\">\n\t\t\t\t\t\t\t\t\t\t\t\t\t\t\t<span class=\"elementor-toggle-icon-closed\"><i class=\"fas fa-caret-right\"><\/i><\/span>\n\t\t\t\t\t\t\t\t<span class=\"elementor-toggle-icon-opened\"><i class=\"elementor-toggle-icon-opened fas fa-caret-up\"><\/i><\/span>\n\t\t\t\t\t\t\t\t\t\t\t\t\t<\/span>\n\t\t\t\t\t\t\t\t\t\t\t\t<a class=\"elementor-toggle-title\" tabindex=\"0\">Quelle est la vitesse maximale du v\u00e9hicule ?<\/a>\n\t\t\t\t\t<\/div>\n\n\t\t\t\t\t<div id=\"elementor-tab-content-27213\" class=\"elementor-tab-content elementor-clearfix\" data-tab=\"13\" role=\"region\" aria-labelledby=\"elementor-tab-title-27213\"><ul>\n<li>FR00E<br \/>Vitesse avec roues de 16,5&Prime; (standard) 0-12 km\/h<br \/>Vitesse avec roues de 18&Prime; (en option) 0-15 km\/h<\/li>\n<li>FR04E<br \/>Vitesse en premi\u00e8re vitesse 10 km\/h<br \/>Vitesse de la deuxi\u00e8me vitesse 25 km\/h<\/li>\n<\/ul>\n<\/div>\n\t\t\t\t<\/div>\n\t\t\t\t\t\t\t<div class=\"elementor-toggle-item\">\n\t\t\t\t\t<div id=\"elementor-tab-title-27214\" class=\"elementor-tab-title\" data-tab=\"14\" role=\"button\" aria-controls=\"elementor-tab-content-27214\" aria-expanded=\"false\">\n\t\t\t\t\t\t\t\t\t\t\t\t<span class=\"elementor-toggle-icon elementor-toggle-icon-left\" aria-hidden=\"true\">\n\t\t\t\t\t\t\t\t\t\t\t\t\t\t\t<span class=\"elementor-toggle-icon-closed\"><i class=\"fas fa-caret-right\"><\/i><\/span>\n\t\t\t\t\t\t\t\t<span class=\"elementor-toggle-icon-opened\"><i class=\"elementor-toggle-icon-opened fas fa-caret-up\"><\/i><\/span>\n\t\t\t\t\t\t\t\t\t\t\t\t\t<\/span>\n\t\t\t\t\t\t\t\t\t\t\t\t<a class=\"elementor-toggle-title\" tabindex=\"0\">Quelle est l'\u00e9conomie r\u00e9alis\u00e9e par rapport \u00e0 l'utilisation du diesel pour les m\u00eames heures de travail ?<\/a>\n\t\t\t\t\t<\/div>\n\n\t\t\t\t\t<div id=\"elementor-tab-content-27214\" class=\"elementor-tab-content elementor-clearfix\" data-tab=\"14\" role=\"region\" aria-labelledby=\"elementor-tab-title-27214\"><p>Avantages par rapport \u00e0 un diesel : je n&rsquo;ai pas de coupons ni de filtres diesel \u00e0 changer.<br \/>Les interventions sur les hydrostatiques sont beaucoup plus limit\u00e9es, le moteur \u00e9tant directement engag\u00e9 dans l&rsquo;essieu.<br \/>Ni les batteries ni les moteurs, contrairement aux moteurs diesel, ne n\u00e9cessitent d&rsquo;entretien.<\/p>\n<\/div>\n\t\t\t\t<\/div>\n\t\t\t\t\t\t\t\t<\/div>\n\t\t\t\t\t\t<\/div>\n\t\t\t\t<\/div>\n\t\t\t\t\t<\/div>\n\t\t<\/div>\n\t\t\t\t\t<\/div>\n\t\t<\/section>\n\t\t\t\t<section data-dce-background-color=\"#F2F2F2\" class=\"elementor-section elementor-top-section elementor-element elementor-element-4bd7065 elementor-section-height-min-height elementor-section-items-stretch elementor-section-full_width elementor-section-height-default\" data-id=\"4bd7065\" data-element_type=\"section\" data-e-type=\"section\" data-settings=\"{&quot;background_background&quot;:&quot;classic&quot;}\">\n\t\t\t\t\t\t<div class=\"elementor-container elementor-column-gap-default\">\n\t\t\t\t\t<div class=\"elementor-column elementor-col-50 elementor-top-column elementor-element elementor-element-43707b4\" data-id=\"43707b4\" data-element_type=\"column\" data-e-type=\"column\" data-settings=\"{&quot;background_background&quot;:&quot;classic&quot;}\">\n\t\t\t<div class=\"elementor-widget-wrap elementor-element-populated\">\n\t\t\t\t\t\t<div data-dce-title-color=\"#282C2C\" class=\"elementor-element elementor-element-10d2b30 elementor-widget elementor-widget-heading\" data-id=\"10d2b30\" data-element_type=\"widget\" data-e-type=\"widget\" data-widget_type=\"heading.default\">\n\t\t\t\t<div class=\"elementor-widget-container\">\n\t\t\t\t\t<h1 class=\"elementor-heading-title elementor-size-xl\">Prenez contact avec nous<\/h1>\t\t\t\t<\/div>\n\t\t\t\t<\/div>\n\t\t\t\t<div class=\"elementor-element elementor-element-7e776d7 elementor-widget elementor-widget-text-editor\" data-id=\"7e776d7\" data-element_type=\"widget\" data-e-type=\"widget\" data-widget_type=\"text-editor.default\">\n\t\t\t\t<div class=\"elementor-widget-container\">\n\t\t\t\t\t\t\t\t\t<p>Vous avez encore des questions ? Vous pouvez nous contacter gratuitement tous les jours de 8 \u00e0 18 heures en appelant notre service international d&rsquo;assistance \u00e0 la client\u00e8le.<\/p>\n\t\t\t\t\t\t\t\t<\/div>\n\t\t\t\t<\/div>\n\t\t\t\t<div data-dce-background-color=\"#FFFFFF\" class=\"elementor-element elementor-element-89f4c58 elementor-align-left elementor-widget elementor-widget-button\" data-id=\"89f4c58\" data-element_type=\"widget\" data-e-type=\"widget\" data-widget_type=\"button.default\">\n\t\t\t\t<div class=\"elementor-widget-container\">\n\t\t\t\t\t\t\t\t\t<div class=\"elementor-button-wrapper\">\n\t\t\t\t\t<a class=\"elementor-button elementor-button-link elementor-size-md\" href=\"https:\/\/www.faresin.com\/fr\/contacts\/\">\n\t\t\t\t\t\t<span class=\"elementor-button-content-wrapper\">\n\t\t\t\t\t\t\t\t\t<span class=\"elementor-button-text\">Nous contacter<\/span>\n\t\t\t\t\t<\/span>\n\t\t\t\t\t<\/a>\n\t\t\t\t<\/div>\n\t\t\t\t\t\t\t\t<\/div>\n\t\t\t\t<\/div>\n\t\t\t\t\t<\/div>\n\t\t<\/div>\n\t\t\t\t<div class=\"elementor-column elementor-col-50 elementor-top-column elementor-element elementor-element-2784b69\" data-id=\"2784b69\" data-element_type=\"column\" data-e-type=\"column\" data-settings=\"{&quot;background_background&quot;:&quot;classic&quot;}\">\n\t\t\t<div class=\"elementor-widget-wrap elementor-element-populated\">\n\t\t\t\t\t\t<div class=\"elementor-element elementor-element-5cae780 elementor-widget elementor-widget-image\" data-id=\"5cae780\" data-element_type=\"widget\" data-e-type=\"widget\" data-widget_type=\"image.default\">\n\t\t\t\t<div class=\"elementor-widget-container\">\n\t\t\t\t\t\t\t\t\t\t\t\t\t\t\t<img decoding=\"async\" width=\"1200\" height=\"800\" src=\"https:\/\/www.faresin.com\/wp-content\/uploads\/Electric-Range.jpg\" class=\"elementor-animation-float attachment-full size-full wp-image-62971\" alt=\"\" srcset=\"https:\/\/www.faresin.com\/wp-content\/uploads\/Electric-Range.jpg 1200w, https:\/\/www.faresin.com\/wp-content\/uploads\/Electric-Range-300x200.jpg 300w, https:\/\/www.faresin.com\/wp-content\/uploads\/Electric-Range-1024x683.jpg 1024w, https:\/\/www.faresin.com\/wp-content\/uploads\/Electric-Range-768x512.jpg 768w\" sizes=\"(max-width: 1200px) 100vw, 1200px\">\t\t\t\t\t\t\t\t\t\t\t\t\t\t\t<\/div>\n\t\t\t\t<\/div>\n\t\t\t\t\t<\/div>\n\t\t<\/div>\n\t\t\t\t\t<\/div>\n\t\t<\/section>\n\t\t\t\t<\/div>\n\t\t","protected":false},"excerpt":{"rendered":"<p>FAQ Questions et r\u00e9ponses Nous avons rassembl\u00e9 les r\u00e9ponses aux questions fr\u00e9quemment pos\u00e9es sur la gamme FULL ELECTRIC. Le t\u00e9lescope est-il enti\u00e8rement \u00e9lectrique ? Les machines FULL ELECTRIC sont 100% \u00e9lectriques et sont \u00e9quip\u00e9es de deux moteurs \u00e9lectriques : un pour la traction et un pour les mouvements des bras. 6.26 FE : La machine [&hellip;]<\/p>\n","protected":false},"author":1,"featured_media":0,"parent":56713,"menu_order":0,"comment_status":"closed","ping_status":"closed","template":"","meta":{"_acf_changed":false,"footnotes":""},"class_list":["post-73026","page","type-page","status-publish","hentry"],"acf":[],"_links":{"self":[{"href":"https:\/\/www.faresin.com\/fr\/wp-json\/wp\/v2\/pages\/73026","targetHints":{"allow":["GET"]}}],"collection":[{"href":"https:\/\/www.faresin.com\/fr\/wp-json\/wp\/v2\/pages"}],"about":[{"href":"https:\/\/www.faresin.com\/fr\/wp-json\/wp\/v2\/types\/page"}],"author":[{"embeddable":true,"href":"https:\/\/www.faresin.com\/fr\/wp-json\/wp\/v2\/users\/1"}],"replies":[{"embeddable":true,"href":"https:\/\/www.faresin.com\/fr\/wp-json\/wp\/v2\/comments?post=73026"}],"version-history":[{"count":0,"href":"https:\/\/www.faresin.com\/fr\/wp-json\/wp\/v2\/pages\/73026\/revisions"}],"up":[{"embeddable":true,"href":"https:\/\/www.faresin.com\/fr\/wp-json\/wp\/v2\/pages\/56713"}],"wp:attachment":[{"href":"https:\/\/www.faresin.com\/fr\/wp-json\/wp\/v2\/media?parent=73026"}],"curies":[{"name":"wp","href":"https:\/\/api.w.org\/{rel}","templated":true}]}}