{"id":56785,"date":"2022-07-29T17:13:41","date_gmt":"2022-07-29T15:13:41","guid":{"rendered":"https:\/\/www.faresin.com\/informacyjna\/"},"modified":"2023-09-21T16:11:35","modified_gmt":"2023-09-21T14:11:35","slug":"informacje","status":"publish","type":"page","link":"https:\/\/www.faresin.com\/pl\/informacje\/","title":{"rendered":"Informacyjna"},"content":{"rendered":"\t\t<div data-elementor-type=\"wp-page\" data-elementor-id=\"56785\" class=\"elementor elementor-56785 elementor-13159\" data-elementor-post-type=\"page\">\n\t\t\t\t\t\t<section class=\"elementor-section elementor-top-section elementor-element elementor-element-306f86f elementor-section-boxed elementor-section-height-default elementor-section-height-default\" data-id=\"306f86f\" data-element_type=\"section\" data-e-type=\"section\" data-settings=\"{&quot;background_background&quot;:&quot;classic&quot;}\">\n\t\t\t\t\t\t<div class=\"elementor-container elementor-column-gap-default\">\n\t\t\t\t\t<div class=\"elementor-column elementor-col-100 elementor-top-column elementor-element elementor-element-f821701\" data-id=\"f821701\" data-element_type=\"column\" data-e-type=\"column\" data-settings=\"{&quot;background_background&quot;:&quot;classic&quot;}\">\n\t\t\t<div class=\"elementor-widget-wrap elementor-element-populated\">\n\t\t\t\t\t\t<div class=\"elementor-element elementor-element-8710609 elementor-widget elementor-widget-heading\" data-id=\"8710609\" data-element_type=\"widget\" data-e-type=\"widget\" data-widget_type=\"heading.default\">\n\t\t\t\t<div class=\"elementor-widget-container\">\n\t\t\t\t\t<h1 class=\"elementor-heading-title elementor-size-default\">Informacyjna<\/h1>\t\t\t\t<\/div>\n\t\t\t\t<\/div>\n\t\t\t\t<div class=\"elementor-element elementor-element-ca97376 elementor-widget elementor-widget-heading\" data-id=\"ca97376\" data-element_type=\"widget\" data-e-type=\"widget\" data-widget_type=\"heading.default\">\n\t\t\t\t<div class=\"elementor-widget-container\">\n\t\t\t\t\t<h2 class=\"elementor-heading-title elementor-size-medium\">Informacja na podstawie art. 13 europejskiego rozporz\u0105dzenia o ochronie danych (GDPR - EU Reg. 679\/16)<\/h2>\t\t\t\t<\/div>\n\t\t\t\t<\/div>\n\t\t\t\t\t<\/div>\n\t\t<\/div>\n\t\t\t\t\t<\/div>\n\t\t<\/section>\n\t\t\t\t<section class=\"elementor-section elementor-top-section elementor-element elementor-element-a2410e0 elementor-section-boxed elementor-section-height-default elementor-section-height-default\" data-id=\"a2410e0\" data-element_type=\"section\" data-e-type=\"section\">\n\t\t\t\t\t\t<div class=\"elementor-container elementor-column-gap-default\">\n\t\t\t\t\t<div class=\"elementor-column elementor-col-100 elementor-top-column elementor-element elementor-element-6995aa9\" data-id=\"6995aa9\" data-element_type=\"column\" data-e-type=\"column\">\n\t\t\t<div class=\"elementor-widget-wrap elementor-element-populated\">\n\t\t\t\t\t\t<div class=\"elementor-element elementor-element-c7e306d elementor-toc--minimized-on-tablet elementor-widget elementor-widget-table-of-contents\" data-id=\"c7e306d\" data-element_type=\"widget\" data-e-type=\"widget\" data-settings=\"{&quot;headings_by_tags&quot;:[&quot;h3&quot;,&quot;h4&quot;,&quot;h5&quot;,&quot;h6&quot;],&quot;exclude_headings_by_selector&quot;:[],&quot;marker_view&quot;:&quot;numbers&quot;,&quot;no_headings_message&quot;:&quot;No headings were found on this page.&quot;,&quot;minimize_box&quot;:&quot;yes&quot;,&quot;minimized_on&quot;:&quot;tablet&quot;,&quot;hierarchical_view&quot;:&quot;yes&quot;,&quot;min_height&quot;:{&quot;unit&quot;:&quot;px&quot;,&quot;size&quot;:&quot;&quot;,&quot;sizes&quot;:[]},&quot;min_height_tablet&quot;:{&quot;unit&quot;:&quot;px&quot;,&quot;size&quot;:&quot;&quot;,&quot;sizes&quot;:[]},&quot;min_height_mobile&quot;:{&quot;unit&quot;:&quot;px&quot;,&quot;size&quot;:&quot;&quot;,&quot;sizes&quot;:[]}}\" data-widget_type=\"table-of-contents.default\">\n\t\t\t\t<div class=\"elementor-widget-container\">\n\t\t\t\t\t\t\t\t\t<div class=\"elementor-toc__header\">\n\t\t\t\t\t\t<h4 class=\"elementor-toc__header-title\">\n\t\t\t\tIndeks\t\t\t<\/h4>\n\t\t\t\t\t\t\t\t\t\t<div class=\"elementor-toc__toggle-button elementor-toc__toggle-button--expand\" role=\"button\" tabindex=\"0\" aria-controls=\"elementor-toc__c7e306d\" aria-expanded=\"true\" aria-label=\"Open table of contents\"><i aria-hidden=\"true\" class=\"fas fa-chevron-down\"><\/i><\/div>\n\t\t\t\t<div class=\"elementor-toc__toggle-button elementor-toc__toggle-button--collapse\" role=\"button\" tabindex=\"0\" aria-controls=\"elementor-toc__c7e306d\" aria-expanded=\"true\" aria-label=\"Close table of contents\"><i aria-hidden=\"true\" class=\"fas fa-chevron-up\"><\/i><\/div>\n\t\t\t\t\t<\/div>\n\t\t\t\t<div id=\"elementor-toc__c7e306d\" class=\"elementor-toc__body\">\n\t\t\t<div class=\"elementor-toc__spinner-container\">\n\t\t\t\t<i class=\"elementor-toc__spinner eicon-animation-spin eicon-loading\" aria-hidden=\"true\"><\/i>\t\t\t<\/div>\n\t\t<\/div>\n\t\t\t\t\t\t<\/div>\n\t\t\t\t<\/div>\n\t\t\t\t\t<\/div>\n\t\t<\/div>\n\t\t\t\t\t<\/div>\n\t\t<\/section>\n\t\t\t\t<section class=\"elementor-section elementor-top-section elementor-element elementor-element-aa05541 elementor-section-boxed elementor-section-height-default elementor-section-height-default\" data-id=\"aa05541\" data-element_type=\"section\" data-e-type=\"section\">\n\t\t\t\t\t\t<div class=\"elementor-container elementor-column-gap-default\">\n\t\t\t\t\t<div class=\"elementor-column elementor-col-100 elementor-top-column elementor-element elementor-element-324a2a0\" data-id=\"324a2a0\" data-element_type=\"column\" data-e-type=\"column\">\n\t\t\t<div class=\"elementor-widget-wrap elementor-element-populated\">\n\t\t\t\t\t\t<div class=\"elementor-element elementor-element-afe0251 elementor-widget elementor-widget-menu-anchor\" data-id=\"afe0251\" data-element_type=\"widget\" data-e-type=\"widget\" data-widget_type=\"menu-anchor.default\">\n\t\t\t\t<div class=\"elementor-widget-container\">\n\t\t\t\t\t\t\t<div class=\"elementor-menu-anchor\" id=\"informacja\"><\/div>\n\t\t\t\t\t\t<\/div>\n\t\t\t\t<\/div>\n\t\t\t\t<div class=\"elementor-element elementor-element-7714b9d elementor-widget elementor-widget-text-editor\" data-id=\"7714b9d\" data-element_type=\"widget\" data-e-type=\"widget\" data-widget_type=\"text-editor.default\">\n\t\t\t\t<div class=\"elementor-widget-container\">\n\t\t\t\t\t\t\t\t\t<section>\n<div>\n<div>\n<h4>FORMULARZ WNIOSKU O UDZIELENIE INFORMACJI<\/h4>\n<div>\n<div> <\/div>\n<div>\n<div>Informacja na podstawie art. 13 europejskiego rozporz\u0105dzenia o ochronie danych (GDPR &#8211; EU Reg. 679\/16)<\/div>\n<div>Zgodnie z art. 13 rozporz\u0105dzenia UE 679\/16 otrzymujesz nast\u0119puj\u0105ce informacje o przetwarzaniu, kt\u00f3re mo\u017ce nast\u0105pi\u0107 w wyniku wype\u0142nienia i przes\u0142ania danych w formularzu, kt\u00f3ry w\u0142a\u015bnie wype\u0142niasz.<\/div>\n<div>Administratorem danych jest Faresin Industries Spa z siedzib\u0105 i administracj\u0105 w via dell&#8217;Artigianato 36, 36042 Breganze (VI). Zarejestrowana w rejestrze firm w Vicenzy z numerem VAT i kodem podatkowym 03542090281, z kt\u00f3r\u0105 mo\u017cna si\u0119 skontaktowa\u0107 pod adresem <a href=\"mailto:faresin@faresin.com\">faresin@faresin.com<\/a>.<\/div>\n<div>\n<div>Dane przekazane za po\u015brednictwem niniejszego formularza b\u0119d\u0105 wykorzystane, po wyra\u017ceniu przez Pa\u0144stwa zgody na przetwarzanie danych osobowych, w nast\u0119puj\u0105cych celach:<\/div>\n<div>&#8211; w celu spe\u0142nienia pro\u015bby o informacje i\/lub us\u0142ugi;<\/div>\n<div>&#8211; opcjonalnie, za Twoj\u0105 wyra\u017an\u0105 zgod\u0105, w celu subskrypcji naszego newslettera lub wysy\u0142ania Ci komunikat\u00f3w promocyjnych lub ofert handlowych za po\u015brednictwem poczty elektronicznej lub komunikator\u00f3w internetowych.<\/div>\n<\/div>\n<div><span style=\"color: var( --e-global-color-text ); font-family: var( --e-global-typography-text-font-family ), Sans-serif;\"> <\/span><\/div>\n<div>Powy\u017cszy cel b\u0119dzie realizowany po fakultatywnym wyra\u017ceniu przez Pa\u0144stwa zgody w spos\u00f3b wskazany na stronie gromadzenia Pa\u0144stwa danych.<\/div>\n<div>Nale\u017cy pami\u0119ta\u0107, \u017ce dane oznaczone * (gwiazdk\u0105) musz\u0105 zosta\u0107 podane, aby m\u00f3c skorzysta\u0107 z us\u0142ug, o kt\u00f3re zamierzaj\u0105 Pa\u0144stwo wyst\u0105pi\u0107; w przypadku niewype\u0142nienia tych danych mo\u017ce nie by\u0107 mo\u017cliwe \u015bwiadczenie tych us\u0142ug, a same dane mog\u0105 nie zosta\u0107 pozyskane. Wype\u0142nienie pozosta\u0142ych danych w formularzu jest nieobowi\u0105zkowe i masz swobod\u0119 decyzji, czy je wype\u0142nisz, czy nie.<\/div>\n<div>Przekazane przez Pa\u0144stwa dane mog\u0105 zosta\u0107 ujawnione podmiotom przetwarzaj\u0105cym dane, zaanga\u017cowanym w \u015bwiadczenie zam\u00f3wionych przez Pa\u0144stwa us\u0142ug lub w techniczne zarz\u0105dzanie stron\u0105 (z ograniczeniem do przypadk\u00f3w, w kt\u00f3rych oka\u017ce si\u0119 to niezb\u0119dne) oraz osobom trzecim zaanga\u017cowanym w wykonywanie tych samych czynno\u015bci w charakterze podmiot\u00f3w przetwarzaj\u0105cych dane.<\/div>\n<div>Ponadto przekazane dane mog\u0105 zosta\u0107 przekazane do naszej bezpo\u015bredniej i po\u015bredniej organizacji sprzeda\u017cy w celu odpowiedzi na Pa\u0144stwa zapytanie.<\/div>\n<div>Dane b\u0119d\u0105 przechowywane do czasu zako\u0144czenia \u017c\u0105danych us\u0142ug lub do czasu \u017c\u0105dania ich usuni\u0119cia, a w przypadku obowi\u0105zk\u00f3w regulacyjnych mog\u0105 by\u0107 przechowywane w okre\u015blonych archiwach przez okres \u015bci\u015ble niezb\u0119dny do tych cel\u00f3w.<\/div>\n<div>Przypominamy o przys\u0142uguj\u0105cym Pa\u0144stwu prawie do \u017c\u0105dania od administratora danych dost\u0119pu do swoich danych osobowych, ich sprostowania lub usuni\u0119cia albo ograniczenia przetwarzania oraz do wniesienia sprzeciwu wobec takiego przetwarzania, a tak\u017ce o prawie do przenoszenia danych; prawa te mog\u0105 Pa\u0144stwo realizowa\u0107 korzystaj\u0105c z powy\u017cszych danych kontaktowych.  <\/div>\n<div>Udzielona zgoda mo\u017ce by\u0107 w ka\u017cdej chwili odwo\u0142ana poprzez kontakt z w\u0142a\u015bcicielem na podany adres e-mail.<\/div>\n<p>Przypominamy r\u00f3wnie\u017c o prawie do z\u0142o\u017cenia skargi do organu nadzorczego, we W\u0142oszech reprezentowanego przez Garante per la protezione dei dati personali<a href=\"http:\/\/www.garanteprivacy.it\/\" target=\"_blank\" rel=\"noopener noreferrer\">(www.garanteprivacy.it)<\/a>.<br \/>Wi\u0119cej informacji na temat administratora danych oraz metod przetwarzania wynikaj\u0105cych z przegl\u0105dania tej strony mo\u017cna znale\u017a\u0107 na stronie prezentuj\u0105cej <a href=\"https:\/\/www.faresin.com\/pl\/polityka-prywatnosci\/\">Polityk\u0119 Prywatno\u015bci<\/a> strony.<\/p>\n<\/div>\n<\/div>\n<\/div>\n<\/div>\n<\/section>\n<section>\n<div>\n<div>\n<div> <\/div>\n<\/div>\n<\/div>\n<\/section>\n\t\t\t\t\t\t\t\t<\/div>\n\t\t\t\t<\/div>\n\t\t\t\t<div class=\"elementor-element elementor-element-32c7ba3 elementor-widget elementor-widget-menu-anchor\" data-id=\"32c7ba3\" data-element_type=\"widget\" data-e-type=\"widget\" data-widget_type=\"menu-anchor.default\">\n\t\t\t\t<div class=\"elementor-widget-container\">\n\t\t\t\t\t\t\t<div class=\"elementor-menu-anchor\" id=\"cytat\"><\/div>\n\t\t\t\t\t\t<\/div>\n\t\t\t\t<\/div>\n\t\t\t\t<div class=\"elementor-element elementor-element-1f0b932 elementor-widget elementor-widget-text-editor\" data-id=\"1f0b932\" data-element_type=\"widget\" data-e-type=\"widget\" data-widget_type=\"text-editor.default\">\n\t\t\t\t<div class=\"elementor-widget-container\">\n\t\t\t\t\t\t\t\t\t<section>\n<div>\n<div>\n<h4><span style=\"color: inherit; font-family: inherit; font-size: 1.5rem;\">FORMULARZ ZAPYTANIA OFERTOWEGO<\/span><\/h4>\n<\/div>\n<\/div>\n<\/section>\n<section>\n<div>\n<div>\n<div>\n<div> <\/div>\n<div>\n<p>Informacja na podstawie art. 13 europejskiego rozporz\u0105dzenia o ochronie danych (GDPR &#8211; EU Reg. 679\/16) <\/p>\n<div>Zgodnie z art. 13 rozporz\u0105dzenia UE 679\/16 otrzymujesz nast\u0119puj\u0105ce informacje o przetwarzaniu, kt\u00f3re mo\u017ce nast\u0105pi\u0107 w wyniku wype\u0142nienia i przes\u0142ania danych w formularzu, kt\u00f3ry w\u0142a\u015bnie wype\u0142niasz.<\/div>\n<div>Administratorem danych jest Faresin Industries Spa z siedzib\u0105 i administracj\u0105 w via dell&#8217;Artigianato 36, 36042 Breganze (VI). Zarejestrowana w rejestrze firm w Vicenzy z numerem VAT i kodem podatkowym 03542090281, z kt\u00f3r\u0105 mo\u017cna si\u0119 skontaktowa\u0107 pod adresem <a href=\"mailto:faresin@faresin.com\">faresin@faresin.com<\/a>.<\/div>\n<div>\n<div>Dane przekazane za po\u015brednictwem niniejszego formularza b\u0119d\u0105 wykorzystane, po wyra\u017ceniu przez Pa\u0144stwa zgody na przetwarzanie danych osobowych, w nast\u0119puj\u0105cych celach:<\/div>\n<div>&#8211; w celu spe\u0142nienia pro\u015bby o informacje i\/lub us\u0142ugi;<\/div>\n<div>&#8211; opcjonalnie, za Twoj\u0105 wyra\u017an\u0105 zgod\u0105, w celu subskrypcji naszego newslettera lub wysy\u0142ania Ci komunikat\u00f3w promocyjnych lub ofert handlowych za po\u015brednictwem poczty elektronicznej lub komunikator\u00f3w internetowych.<\/div>\n<\/div>\n<div><span style=\"color: var( --e-global-color-text ); font-family: var( --e-global-typography-text-font-family ), Sans-serif;\"> <\/span><\/div>\n<div>Powy\u017cszy cel b\u0119dzie realizowany po fakultatywnym wyra\u017ceniu przez Pa\u0144stwa zgody w spos\u00f3b wskazany na stronie gromadzenia Pa\u0144stwa danych.<\/div>\n<div>Nale\u017cy pami\u0119ta\u0107, \u017ce dane oznaczone * (gwiazdk\u0105) musz\u0105 zosta\u0107 podane, aby m\u00f3c skorzysta\u0107 z us\u0142ug, o kt\u00f3re zamierzaj\u0105 Pa\u0144stwo wyst\u0105pi\u0107; w przypadku niewype\u0142nienia tych danych mo\u017ce nie by\u0107 mo\u017cliwe \u015bwiadczenie tych us\u0142ug, a same dane mog\u0105 nie zosta\u0107 pozyskane. Wype\u0142nienie pozosta\u0142ych danych w formularzu jest nieobowi\u0105zkowe i masz swobod\u0119 decyzji, czy je wype\u0142nisz, czy nie.<\/div>\n<div>Przekazane przez Pa\u0144stwa dane mog\u0105 zosta\u0107 ujawnione podmiotom przetwarzaj\u0105cym dane, zaanga\u017cowanym w \u015bwiadczenie zam\u00f3wionych przez Pa\u0144stwa us\u0142ug lub w techniczne zarz\u0105dzanie stron\u0105 (z ograniczeniem do przypadk\u00f3w, w kt\u00f3rych oka\u017ce si\u0119 to niezb\u0119dne) oraz osobom trzecim zaanga\u017cowanym w wykonywanie tych samych czynno\u015bci w charakterze podmiot\u00f3w przetwarzaj\u0105cych dane.<\/div>\n<div>Ponadto przekazane dane mog\u0105 zosta\u0107 przekazane do naszej bezpo\u015bredniej i po\u015bredniej organizacji sprzeda\u017cy w celu odpowiedzi na Pa\u0144stwa zapytanie.<\/div>\n<div>Dane b\u0119d\u0105 przechowywane do czasu zako\u0144czenia \u017c\u0105danych us\u0142ug lub do czasu \u017c\u0105dania ich usuni\u0119cia, a w przypadku obowi\u0105zk\u00f3w regulacyjnych mog\u0105 by\u0107 przechowywane w okre\u015blonych archiwach przez okres \u015bci\u015ble niezb\u0119dny do tych cel\u00f3w.<\/div>\n<div>Przypominamy o przys\u0142uguj\u0105cym Pa\u0144stwu prawie do \u017c\u0105dania od administratora danych dost\u0119pu do swoich danych osobowych, ich sprostowania lub usuni\u0119cia albo ograniczenia przetwarzania oraz do wniesienia sprzeciwu wobec takiego przetwarzania, a tak\u017ce o prawie do przenoszenia danych; prawa te mog\u0105 Pa\u0144stwo realizowa\u0107 korzystaj\u0105c z powy\u017cszych danych kontaktowych.  <\/div>\n<div>Udzielona zgoda mo\u017ce by\u0107 w ka\u017cdej chwili odwo\u0142ana poprzez kontakt z w\u0142a\u015bcicielem na podany adres e-mail.<\/div>\n<p>Przypominamy r\u00f3wnie\u017c o prawie do z\u0142o\u017cenia skargi do organu nadzorczego, we W\u0142oszech reprezentowanego przez Garante per la protezione dei dati personali<a href=\"http:\/\/www.garanteprivacy.it\/\" target=\"_blank\" rel=\"noopener noreferrer\">(www.garanteprivacy.it)<\/a>.<br \/>Wi\u0119cej informacji na temat administratora danych oraz metod przetwarzania wynikaj\u0105cych z przegl\u0105dania tej strony mo\u017cna znale\u017a\u0107 na stronie prezentuj\u0105cej <a href=\"https:\/\/www.faresin.com\/pl\/polityka-prywatnosci\/\">Polityk\u0119 Prywatno\u015bci<\/a> strony.<\/p>\n<\/div>\n<\/div>\n<\/div>\n<\/div>\n<\/section>\n\t\t\t\t\t\t\t\t<\/div>\n\t\t\t\t<\/div>\n\t\t\t\t<div class=\"elementor-element elementor-element-70af25a elementor-widget elementor-widget-menu-anchor\" data-id=\"70af25a\" data-element_type=\"widget\" data-e-type=\"widget\" data-widget_type=\"menu-anchor.default\">\n\t\t\t\t<div class=\"elementor-widget-container\">\n\t\t\t\t\t\t\t<div class=\"elementor-menu-anchor\" id=\"wizyta\"><\/div>\n\t\t\t\t\t\t<\/div>\n\t\t\t\t<\/div>\n\t\t\t\t<div class=\"elementor-element elementor-element-9d011cf elementor-widget elementor-widget-text-editor\" data-id=\"9d011cf\" data-element_type=\"widget\" data-e-type=\"widget\" data-widget_type=\"text-editor.default\">\n\t\t\t\t<div class=\"elementor-widget-container\">\n\t\t\t\t\t\t\t\t\t<section>\n<div>\n<div>\n<h4><span style=\"color: inherit; font-family: inherit; font-size: 1.5rem;\">FORMULARZ REZERWACJI WIZYTY W FIRMIE<\/span><\/h4>\n<\/div>\n<\/div>\n<\/section>\n<section>\n<div>\n<div>\n<div>\n<div> <\/div>\n<div>\n<p>Informacja na podstawie art. 13 europejskiego rozporz\u0105dzenia o ochronie danych (GDPR &#8211; EU Reg. 679\/16)<\/p>\n<div>Zgodnie z art. 13 rozporz\u0105dzenia UE 679\/16 otrzymujesz nast\u0119puj\u0105ce informacje o przetwarzaniu, kt\u00f3re mo\u017ce nast\u0105pi\u0107 w wyniku wype\u0142nienia i przes\u0142ania danych w formularzu, kt\u00f3ry w\u0142a\u015bnie wype\u0142niasz.<\/div>\n<div>Administratorem danych jest Faresin Industries Spa z siedzib\u0105 i administracj\u0105 w via dell&#8217;Artigianato 36, 36042 Breganze (VI). Zarejestrowana w rejestrze firm w Vicenzy z numerem VAT i kodem podatkowym 03542090281, z kt\u00f3r\u0105 mo\u017cna si\u0119 skontaktowa\u0107 pod adresem <a href=\"mailto:faresin@faresin.com\">faresin@faresin.com<\/a>.<\/div>\n<div>\n<div>Dane przekazane za po\u015brednictwem niniejszego formularza b\u0119d\u0105 wykorzystane, po wyra\u017ceniu przez Pa\u0144stwa zgody na przetwarzanie danych osobowych, w nast\u0119puj\u0105cych celach:<\/div>\n<div>&#8211; aby skontaktowa\u0107 si\u0119 z Tob\u0105 w nast\u0119pstwie Twojego zapytania i\/lub zarezerwowa\u0107 wizyt\u0119 w firmie;<\/div>\n<div>&#8211; opcjonalnie, za Twoj\u0105 wyra\u017an\u0105 zgod\u0105, w celu subskrypcji naszego newslettera lub wysy\u0142ania Ci komunikat\u00f3w promocyjnych lub ofert handlowych za po\u015brednictwem poczty elektronicznej lub komunikator\u00f3w internetowych.<\/div>\n<\/div>\n<div><span style=\"color: var( --e-global-color-text ); font-family: var( --e-global-typography-text-font-family ), Sans-serif;\"> <\/span><\/div>\n<div>Powy\u017cszy cel b\u0119dzie realizowany po fakultatywnym wyra\u017ceniu przez Pa\u0144stwa zgody w spos\u00f3b wskazany na stronie gromadzenia Pa\u0144stwa danych.<\/div>\n<div>Nale\u017cy pami\u0119ta\u0107, \u017ce dane oznaczone * (gwiazdk\u0105) musz\u0105 zosta\u0107 podane, aby m\u00f3c skorzysta\u0107 z us\u0142ug, o kt\u00f3re zamierzaj\u0105 Pa\u0144stwo wyst\u0105pi\u0107; w przypadku niewype\u0142nienia tych danych mo\u017ce nie by\u0107 mo\u017cliwe \u015bwiadczenie tych us\u0142ug, a same dane mog\u0105 nie zosta\u0107 pozyskane. Wype\u0142nienie pozosta\u0142ych danych w formularzu jest nieobowi\u0105zkowe i masz swobod\u0119 decyzji, czy je wype\u0142nisz, czy nie.<\/div>\n<div>Przekazane przez Pa\u0144stwa dane mog\u0105 zosta\u0107 ujawnione podmiotom przetwarzaj\u0105cym dane, zaanga\u017cowanym w \u015bwiadczenie zam\u00f3wionych przez Pa\u0144stwa us\u0142ug lub w techniczne zarz\u0105dzanie stron\u0105 (z ograniczeniem do przypadk\u00f3w, w kt\u00f3rych oka\u017ce si\u0119 to niezb\u0119dne) oraz osobom trzecim zaanga\u017cowanym w wykonywanie tych samych czynno\u015bci w charakterze podmiot\u00f3w przetwarzaj\u0105cych dane.<\/div>\n<div>Ponadto przekazane dane mog\u0105 zosta\u0107 przekazane do naszej bezpo\u015bredniej i po\u015bredniej organizacji sprzeda\u017cy w celu odpowiedzi na Pa\u0144stwa zapytanie.<\/div>\n<div>Dane b\u0119d\u0105 przechowywane do czasu zako\u0144czenia \u017c\u0105danych us\u0142ug lub do czasu \u017c\u0105dania ich usuni\u0119cia, a w przypadku obowi\u0105zk\u00f3w regulacyjnych mog\u0105 by\u0107 przechowywane w okre\u015blonych archiwach przez okres \u015bci\u015ble niezb\u0119dny do tych cel\u00f3w.<\/div>\n<div>Przypominamy o przys\u0142uguj\u0105cym Pa\u0144stwu prawie do \u017c\u0105dania od administratora danych dost\u0119pu do swoich danych osobowych, ich sprostowania lub usuni\u0119cia albo ograniczenia przetwarzania oraz do wniesienia sprzeciwu wobec takiego przetwarzania, a tak\u017ce o prawie do przenoszenia danych; prawa te mog\u0105 Pa\u0144stwo realizowa\u0107 korzystaj\u0105c z powy\u017cszych danych kontaktowych.  <\/div>\n<div>Udzielona zgoda mo\u017ce by\u0107 w ka\u017cdej chwili odwo\u0142ana poprzez kontakt z w\u0142a\u015bcicielem na podany adres e-mail.<\/div>\n<div> <\/div>\n<p>Przypominamy r\u00f3wnie\u017c o prawie do z\u0142o\u017cenia skargi do organu nadzorczego, we W\u0142oszech reprezentowanego przez Garante per la protezione dei dati personali<a href=\"http:\/\/www.garanteprivacy.it\/\" target=\"_blank\" rel=\"noopener noreferrer\">(www.garanteprivacy.it)<\/a>.<br \/>Wi\u0119cej informacji na temat administratora danych oraz metod przetwarzania wynikaj\u0105cych z przegl\u0105dania tej strony mo\u017cna znale\u017a\u0107 na stronie prezentuj\u0105cej <a href=\"https:\/\/www.faresin.com\/pl\/polityka-prywatnosci\/\">Polityk\u0119 Prywatno\u015bci<\/a> strony.<\/p>\n<\/div>\n<\/div>\n<\/div>\n<\/div>\n<\/section>\n\t\t\t\t\t\t\t\t<\/div>\n\t\t\t\t<\/div>\n\t\t\t\t<div class=\"elementor-element elementor-element-4d7f28a elementor-widget elementor-widget-menu-anchor\" data-id=\"4d7f28a\" data-element_type=\"widget\" data-e-type=\"widget\" data-widget_type=\"menu-anchor.default\">\n\t\t\t\t<div class=\"elementor-widget-container\">\n\t\t\t\t\t\t\t<div class=\"elementor-menu-anchor\" id=\"dealer\"><\/div>\n\t\t\t\t\t\t<\/div>\n\t\t\t\t<\/div>\n\t\t\t\t<div class=\"elementor-element elementor-element-b68d9e0 elementor-widget elementor-widget-text-editor\" data-id=\"b68d9e0\" data-element_type=\"widget\" data-e-type=\"widget\" data-widget_type=\"text-editor.default\">\n\t\t\t\t<div class=\"elementor-widget-container\">\n\t\t\t\t\t\t\t\t\t<section>\n<div>\n<div>\n<h4><span style=\"color: inherit; font-family: inherit; font-size: 1.5rem;\">FORMULARZ ZOSTANIA DEALEREM<\/span><\/h4>\n<\/div>\n<\/div>\n<\/section>\n<section>\n<div>\n<div>\n<div>\n<div> <\/div>\n<div>Informacja na podstawie art. 13 europejskiego rozporz\u0105dzenia o ochronie danych (GDPR &#8211; EU Reg. 679\/16) <\/div>\n<div>\n<div>\n<div>Zgodnie z art. 13 rozporz\u0105dzenia UE 679\/16 otrzymujesz nast\u0119puj\u0105ce informacje o przetwarzaniu, kt\u00f3re mo\u017ce nast\u0105pi\u0107 w wyniku wype\u0142nienia i przes\u0142ania danych w formularzu, kt\u00f3ry w\u0142a\u015bnie wype\u0142niasz.<\/div>\n<div>Administratorem danych jest Faresin Industries Spa z siedzib\u0105 i administracj\u0105 w via dell&#8217;Artigianato 36, 36042 Breganze (VI). Zarejestrowana w rejestrze firm w Vicenzy z numerem VAT i kodem podatkowym 03542090281, z kt\u00f3r\u0105 mo\u017cna si\u0119 skontaktowa\u0107 pod adresem <a href=\"mailto:faresin@faresin.com\">faresin@faresin.com<\/a>.<\/div>\n<div>\n<div>Dane przekazane za po\u015brednictwem niniejszego formularza b\u0119d\u0105 wykorzystane, po wyra\u017ceniu przez Pa\u0144stwa zgody na przetwarzanie danych osobowych, w nast\u0119puj\u0105cych celach:<\/div>\n<div>&#8211; aby oceni\u0107 Twoj\u0105 pro\u015bb\u0119 o zostanie jednym z naszych dealer\u00f3w i\/lub skontaktowa\u0107 si\u0119 z Tob\u0105 ponownie;<\/div>\n<div>&#8211; opcjonalnie, za Twoj\u0105 wyra\u017an\u0105 zgod\u0105, w celu subskrypcji naszego newslettera lub wysy\u0142ania Ci komunikat\u00f3w promocyjnych lub ofert handlowych za po\u015brednictwem poczty elektronicznej lub komunikator\u00f3w internetowych.<\/div>\n<\/div>\n<div> <\/div>\n<div>Powy\u017cszy cel b\u0119dzie realizowany po fakultatywnym wyra\u017ceniu przez Pa\u0144stwa zgody w spos\u00f3b wskazany na stronie gromadzenia Pa\u0144stwa danych.<\/div>\n<div>Nale\u017cy pami\u0119ta\u0107, \u017ce dane oznaczone * (gwiazdk\u0105) musz\u0105 zosta\u0107 podane, aby m\u00f3c skorzysta\u0107 z us\u0142ug, o kt\u00f3re zamierzaj\u0105 Pa\u0144stwo wyst\u0105pi\u0107; w przypadku niewype\u0142nienia tych danych mo\u017ce nie by\u0107 mo\u017cliwe \u015bwiadczenie tych us\u0142ug, a same dane mog\u0105 nie zosta\u0107 pozyskane. Wype\u0142nienie pozosta\u0142ych danych w formularzu jest nieobowi\u0105zkowe i masz swobod\u0119 decyzji, czy je wype\u0142nisz, czy nie.<\/div>\n<div>Przekazane przez Pa\u0144stwa dane mog\u0105 zosta\u0107 ujawnione podmiotom przetwarzaj\u0105cym dane, zaanga\u017cowanym w \u015bwiadczenie zam\u00f3wionych przez Pa\u0144stwa us\u0142ug lub w techniczne zarz\u0105dzanie stron\u0105 (z ograniczeniem do przypadk\u00f3w, w kt\u00f3rych oka\u017ce si\u0119 to niezb\u0119dne) oraz osobom trzecim zaanga\u017cowanym w wykonywanie tych samych czynno\u015bci w charakterze podmiot\u00f3w przetwarzaj\u0105cych dane.<\/div>\n<div>Ponadto przekazane dane mog\u0105 zosta\u0107 przekazane do naszej bezpo\u015bredniej i po\u015bredniej organizacji sprzeda\u017cy w celu odpowiedzi na Pa\u0144stwa zapytanie.<\/div>\n<div>Dane b\u0119d\u0105 przechowywane do czasu zako\u0144czenia \u017c\u0105danych us\u0142ug lub do czasu \u017c\u0105dania ich usuni\u0119cia, a w przypadku obowi\u0105zk\u00f3w regulacyjnych mog\u0105 by\u0107 przechowywane w okre\u015blonych archiwach przez okres \u015bci\u015ble niezb\u0119dny do tych cel\u00f3w.<\/div>\n<div>Przypominamy o przys\u0142uguj\u0105cym Pa\u0144stwu prawie do \u017c\u0105dania od administratora danych dost\u0119pu do swoich danych osobowych, ich sprostowania lub usuni\u0119cia albo ograniczenia przetwarzania oraz do wniesienia sprzeciwu wobec takiego przetwarzania, a tak\u017ce o prawie do przenoszenia danych; prawa te mog\u0105 Pa\u0144stwo realizowa\u0107 korzystaj\u0105c z powy\u017cszych danych kontaktowych.  <\/div>\n<div>Udzielona zgoda mo\u017ce by\u0107 w ka\u017cdej chwili odwo\u0142ana poprzez kontakt z w\u0142a\u015bcicielem na podany adres e-mail.<\/div>\n<\/div>\n<div> <\/div>\n<\/div>\n<div>Przypominamy r\u00f3wnie\u017c o prawie do z\u0142o\u017cenia skargi do organu nadzorczego, we W\u0142oszech reprezentowanego przez Garante per la protezione dei dati personali<a href=\"http:\/\/www.garanteprivacy.it\/\" target=\"_blank\" rel=\"noopener noreferrer\">(www.garanteprivacy.it)<\/a>.<br \/>Wi\u0119cej informacji na temat administratora danych oraz metod przetwarzania wynikaj\u0105cych z przegl\u0105dania tej strony mo\u017cna znale\u017a\u0107 na stronie prezentuj\u0105cej <a href=\"https:\/\/www.faresin.com\/pl\/polityka-prywatnosci\/\">Polityk\u0119 Prywatno\u015bci <\/a>strony.<\/div>\n<\/div>\n<\/div>\n<\/div>\n<\/section>\n<section>\n<div>\n<div>\n<div> <\/div>\n<\/div>\n<\/div>\n<\/section>\n\t\t\t\t\t\t\t\t<\/div>\n\t\t\t\t<\/div>\n\t\t\t\t<div class=\"elementor-element elementor-element-953d6c2 elementor-widget elementor-widget-menu-anchor\" data-id=\"953d6c2\" data-element_type=\"widget\" data-e-type=\"widget\" data-widget_type=\"menu-anchor.default\">\n\t\t\t\t<div class=\"elementor-widget-container\">\n\t\t\t\t\t\t\t<div class=\"elementor-menu-anchor\" id=\"kandydatura\"><\/div>\n\t\t\t\t\t\t<\/div>\n\t\t\t\t<\/div>\n\t\t\t\t<div class=\"elementor-element elementor-element-685c6bf elementor-widget elementor-widget-text-editor\" data-id=\"685c6bf\" data-element_type=\"widget\" data-e-type=\"widget\" data-widget_type=\"text-editor.default\">\n\t\t\t\t<div class=\"elementor-widget-container\">\n\t\t\t\t\t\t\t\t\t<section>\n<div>\n<div>\n<h4><span style=\"color: inherit; font-family: inherit; font-size: 1.5rem;\">FORMULARZ ZG\u0141OSZENIOWY<\/span><\/h4>\n<\/div>\n<\/div>\n<\/section>\n<section>\n<div>\n<div>\n<div>\n<div> <\/div>\n<div>\n<div>\n<div>Informacja na podstawie art. 13 europejskiego rozporz\u0105dzenia o ochronie danych (GDPR &#8211; EU Reg. 679\/16)<\/div>\n<div>Zgodnie z art. 13 rozporz\u0105dzenia UE 679\/16 otrzymujesz nast\u0119puj\u0105ce informacje o przetwarzaniu, kt\u00f3re mo\u017ce nast\u0105pi\u0107 w wyniku wype\u0142nienia i przes\u0142ania danych w formularzu, kt\u00f3ry w\u0142a\u015bnie wype\u0142niasz.  <\/div>\n<div>Administratorem danych jest Faresin Industries Spa z siedzib\u0105 i administracj\u0105 w via dell&#8217;Artigianato 36, 36042 Breganze (VI). Zarejestrowana w rejestrze firm w Vicenzy z numerem VAT i kodem podatkowym 03542090281, z kt\u00f3r\u0105 mo\u017cna si\u0119 skontaktowa\u0107 pod adresem <a href=\"mailto:faresin@faresin.com\">faresin@faresin.com<\/a>.<\/div>\n<div>Dane przekazane za po\u015brednictwem tego formularza zostan\u0105 wykorzystane, po wyra\u017ceniu przez Pa\u0144stwa zgody na przetwarzanie danych osobowych, do rozpatrzenia Pa\u0144stwa zg\u0142oszenia i oceny ewentualnego zainteresowania firmy nawi\u0105zaniem stosunku umownego.<\/div>\n<div>Powy\u017cszy cel b\u0119dzie realizowany po fakultatywnym wyra\u017ceniu przez Pa\u0144stwa zgody w spos\u00f3b wskazany na stronie gromadzenia Pa\u0144stwa danych.<\/div>\n<div>Nale\u017cy pami\u0119ta\u0107, \u017ce dane oznaczone * (gwiazdk\u0105) musz\u0105 zosta\u0107 podane, aby m\u00f3c skorzysta\u0107 z us\u0142ug, o kt\u00f3re zamierzaj\u0105 Pa\u0144stwo wyst\u0105pi\u0107; w przypadku niewype\u0142nienia tych danych mo\u017ce nie by\u0107 mo\u017cliwe \u015bwiadczenie tych us\u0142ug, a same dane mog\u0105 nie zosta\u0107 pozyskane. Wype\u0142nienie pozosta\u0142ych danych w formularzu jest nieobowi\u0105zkowe i masz swobod\u0119 decyzji, czy je wype\u0142nisz, czy nie.  <\/div>\n<div>Przekazane przez Pa\u0144stwa dane mog\u0105 zosta\u0107 ujawnione podmiotom przetwarzaj\u0105cym dane, zaanga\u017cowanym w \u015bwiadczenie zam\u00f3wionych przez Pa\u0144stwa us\u0142ug lub w techniczne zarz\u0105dzanie stron\u0105 (z ograniczeniem do przypadk\u00f3w, w kt\u00f3rych oka\u017ce si\u0119 to niezb\u0119dne) oraz osobom trzecim zaanga\u017cowanym w wykonywanie tych samych czynno\u015bci w charakterze podmiot\u00f3w przetwarzaj\u0105cych dane.  <\/div>\n<div>Ponadto przekazane dane mog\u0105 zosta\u0107 ujawnione innym sp\u00f3\u0142kom z grupy w celu oceny Pa\u0144stwa wniosku.  <\/div>\n<div>Dane b\u0119d\u0105 przechowywane przez 24 miesi\u0105ce, chyba \u017ce zostan\u0105 przed\u0142u\u017cone dla poszczeg\u00f3lnych stanowisk lub do czasu \u017c\u0105dania ich usuni\u0119cia, a w przypadku obowi\u0105zk\u00f3w regulacyjnych mog\u0105 by\u0107 przechowywane w okre\u015blonych archiwach przez okres \u015bci\u015ble niezb\u0119dny dla tych cel\u00f3w.  <\/div>\n<div>Przypominamy o przys\u0142uguj\u0105cym Pa\u0144stwu prawie do \u017c\u0105dania od administratora danych dost\u0119pu do swoich danych osobowych, ich sprostowania lub usuni\u0119cia albo ograniczenia przetwarzania oraz do wniesienia sprzeciwu wobec takiego przetwarzania, a tak\u017ce o prawie do przenoszenia danych; prawa te mog\u0105 Pa\u0144stwo realizowa\u0107 korzystaj\u0105c z powy\u017cszych danych kontaktowych.  <\/div>\n<div>Udzielona zgoda mo\u017ce by\u0107 w ka\u017cdej chwili odwo\u0142ana poprzez kontakt z w\u0142a\u015bcicielem na podany adres e-mail.<\/div>\n<\/div>\n<p>Przypominamy r\u00f3wnie\u017c o prawie do z\u0142o\u017cenia skargi do organu nadzorczego, we W\u0142oszech reprezentowanego przez Garante per la protezione dei dati personali<a href=\"http:\/\/www.garanteprivacy.it\/\" target=\"_blank\" rel=\"noopener noreferrer\">(www.garanteprivacy.it)<\/a>.<br \/>Wi\u0119cej informacji na temat administratora danych oraz metod przetwarzania wynikaj\u0105cych z przegl\u0105dania tej strony mo\u017cna znale\u017a\u0107 na stronie prezentuj\u0105cej <a href=\"https:\/\/www.faresin.com\/pl\/polityka-prywatnosci\/\">Polityk\u0119 Prywatno\u015bci<\/a> strony.<span style=\"color: var( --e-global-color-text ); font-family: var( --e-global-typography-text-font-family ), Sans-serif;\"> <\/span><\/p>\n<\/div>\n<\/div>\n<\/div>\n<\/div>\n<\/section>\n\t\t\t\t\t\t\t\t<\/div>\n\t\t\t\t<\/div>\n\t\t\t\t\t<\/div>\n\t\t<\/div>\n\t\t\t\t\t<\/div>\n\t\t<\/section>\n\t\t\t\t<\/div>\n\t\t","protected":false},"excerpt":{"rendered":"<p>Informacyjna Informacja na podstawie art. 13 europejskiego rozporz\u0105dzenia o ochronie danych (GDPR &#8211; EU Reg. 679\/16) Indeks FORMULARZ WNIOSKU O UDZIELENIE INFORMACJI Informacja na podstawie art. 13 europejskiego rozporz\u0105dzenia o ochronie danych (GDPR &#8211; EU Reg. 679\/16) Zgodnie z art. 13 rozporz\u0105dzenia UE 679\/16 otrzymujesz nast\u0119puj\u0105ce informacje o przetwarzaniu, kt\u00f3re mo\u017ce nast\u0105pi\u0107 w wyniku wype\u0142nienia [&hellip;]<\/p>\n","protected":false},"author":1,"featured_media":0,"parent":0,"menu_order":0,"comment_status":"closed","ping_status":"closed","template":"elementor_header_footer","meta":{"_acf_changed":false,"footnotes":""},"class_list":["post-56785","page","type-page","status-publish","hentry"],"acf":[],"_links":{"self":[{"href":"https:\/\/www.faresin.com\/pl\/wp-json\/wp\/v2\/pages\/56785","targetHints":{"allow":["GET"]}}],"collection":[{"href":"https:\/\/www.faresin.com\/pl\/wp-json\/wp\/v2\/pages"}],"about":[{"href":"https:\/\/www.faresin.com\/pl\/wp-json\/wp\/v2\/types\/page"}],"author":[{"embeddable":true,"href":"https:\/\/www.faresin.com\/pl\/wp-json\/wp\/v2\/users\/1"}],"replies":[{"embeddable":true,"href":"https:\/\/www.faresin.com\/pl\/wp-json\/wp\/v2\/comments?post=56785"}],"version-history":[{"count":0,"href":"https:\/\/www.faresin.com\/pl\/wp-json\/wp\/v2\/pages\/56785\/revisions"}],"wp:attachment":[{"href":"https:\/\/www.faresin.com\/pl\/wp-json\/wp\/v2\/media?parent=56785"}],"curies":[{"name":"wp","href":"https:\/\/api.w.org\/{rel}","templated":true}]}}